{"version":"1.0","provider_name":"SNES-FSU 53 - 1er syndicat du second degr\u00e9 de la Mayenne","provider_url":"https:\/\/snes53.fr","author_name":"SNES FSU 53","author_url":"https:\/\/snes53.fr\/index.php\/author\/admin9881\/","title":"La DASEN de la Mayenne sur le d\u00e9part ? (r\u00e9ponse : OUI) - SNES-FSU 53 - 1er syndicat du second degr\u00e9 de la Mayenne","type":"rich","width":600,"height":338,"html":"<blockquote class=\"wp-embedded-content\" data-secret=\"StLqk25RLm\"><a href=\"https:\/\/snes53.fr\/index.php\/2025\/01\/14\/la-dasen-de-la-mayenne-sur-le-depart\/\">La DASEN de la Mayenne sur le d\u00e9part ? (r\u00e9ponse : OUI)<\/a><\/blockquote><iframe sandbox=\"allow-scripts\" security=\"restricted\" src=\"https:\/\/snes53.fr\/index.php\/2025\/01\/14\/la-dasen-de-la-mayenne-sur-le-depart\/embed\/#?secret=StLqk25RLm\" width=\"600\" height=\"338\" title=\"\u00ab\u00a0La DASEN de la Mayenne sur le d\u00e9part ? (r\u00e9ponse : OUI)\u00a0\u00bb &#8212; SNES-FSU 53 - 1er syndicat du second degr\u00e9 de la Mayenne\" data-secret=\"StLqk25RLm\" frameborder=\"0\" marginwidth=\"0\" marginheight=\"0\" scrolling=\"no\" class=\"wp-embedded-content\"><\/iframe><script type=\"text\/javascript\">\n\/* <![CDATA[ *\/\n\/*! This file is auto-generated *\/\n!function(d,l){\"use strict\";l.querySelector&&d.addEventListener&&\"undefined\"!=typeof URL&&(d.wp=d.wp||{},d.wp.receiveEmbedMessage||(d.wp.receiveEmbedMessage=function(e){var t=e.data;if((t||t.secret||t.message||t.value)&&!\/[^a-zA-Z0-9]\/.test(t.secret)){for(var s,r,n,a=l.querySelectorAll('iframe[data-secret=\"'+t.secret+'\"]'),o=l.querySelectorAll('blockquote[data-secret=\"'+t.secret+'\"]'),c=new RegExp(\"^https?:$\",\"i\"),i=0;i<o.length;i++)o[i].style.display=\"none\";for(i=0;i<a.length;i++)s=a[i],e.source===s.contentWindow&&(s.removeAttribute(\"style\"),\"height\"===t.message?(1e3<(r=parseInt(t.value,10))?r=1e3:~~r<200&&(r=200),s.height=r):\"link\"===t.message&&(r=new URL(s.getAttribute(\"src\")),n=new URL(t.value),c.test(n.protocol))&&n.host===r.host&&l.activeElement===s&&(d.top.location.href=t.value))}},d.addEventListener(\"message\",d.wp.receiveEmbedMessage,!1),l.addEventListener(\"DOMContentLoaded\",function(){for(var e,t,s=l.querySelectorAll(\"iframe.wp-embedded-content\"),r=0;r<s.length;r++)(t=(e=s[r]).getAttribute(\"data-secret\"))||(t=Math.random().toString(36).substring(2,12),e.src+=\"#?secret=\"+t,e.setAttribute(\"data-secret\",t)),e.contentWindow.postMessage({message:\"ready\",secret:t},\"*\")},!1)))}(window,document);\n\/\/# sourceURL=https:\/\/snes53.fr\/wp-includes\/js\/wp-embed.min.js\n\/* ]]> *\/\n<\/script>\n","thumbnail_url":"https:\/\/snes53.fr\/wp-content\/uploads\/2025\/01\/Capture-decran-2025-01-14-110735.png","thumbnail_width":1557,"thumbnail_height":875,"description":"Madame Brigitte Lacoste, Dasen de la Mayenne, serait en partance pour devenir conseill\u00e8re rue de Grenelle, ne pr\u00e9venant que les chefs d&rsquo;\u00e9tablissements du 2nd degr\u00e9 (donc en oubliant de dire au revoir aux directeurs d&rsquo;\u00e9coles, aux organisations syndicales, aux personnels)\u2026 c&rsquo;\u00e9tait compter sans la vigilance du SNES-FSU53. Alors Mme Lacoste, qu&rsquo;en est-il ? Nos \u00e9lu\u2022es [&hellip;]"}